
{"id":34,"date":"2018-04-02T09:43:45","date_gmt":"2018-04-02T09:43:45","guid":{"rendered":"https:\/\/wss-osnabrueck.de\/?page_id=34"},"modified":"2025-10-09T15:44:45","modified_gmt":"2025-10-09T15:44:45","slug":"willkommen","status":"publish","type":"page","link":"https:\/\/wss-osnabrueck.de\/","title":{"rendered":"Willkommen"},"content":{"rendered":"<\/div><\/div><\/div><!-- close content main div --><\/div><\/div><div id='full_slider_1' class='avia-fullwidth-slider main_color avia-shadow   container_wrap fullsize'   ><div  data-size='featured_large'  data-lightbox_size='large'  data-animation='slide'  data-ids='509,454,447,1412,1393,1410'  data-video_counter='0'  data-autoplay='true'  data-bg_slider='false'  data-slide_height=''  data-handle='av_slideshow_full'  data-interval='5'  data-class=' '  data-css_id=''  data-scroll_down=''  data-control_layout='av-control-default'  data-custom_markup=''  data-perma_caption=''  data-autoplay_stopper=''  data-image_attachment=''  data-min_height='0px'  data-src=''  data-position='top left'  data-repeat='no-repeat'  data-attach='scroll'  data-stretch=''  data-default-height='42'  class='avia-slideshow avia-slideshow-1  av-control-default av-default-height-applied avia-slideshow-featured_large av_slideshow_full   avia-slide-slider '  itemprop=\"ImageObject\" itemscope=\"itemscope\" itemtype=\"https:\/\/schema.org\/ImageObject\" ><ul class='avia-slideshow-inner' style='padding-bottom: 42%;'><li  class=' slide-1 ' ><div data-rel='slideshow-1' class='avia-slide-wrap'  ><div class = \"caption_fullwidth av-slideshow-caption caption_right caption_right_framed caption_framed\"><div class = \"container caption_container\"><div class = \"slideshow_caption\"><div class = \"slideshow_inner_caption\"><div class = \"slideshow_align_caption\"><h2  class='avia-caption-title '  itemprop=\"name\" >Tobias Schimm\u00f6ller<\/h2><div class='avia-caption-content  '  itemprop=\"description\"  ><p>Rechtsanwalt und Notar<br \/>\nFachanwalt f\u00fcr Bau- und Architektenrecht<\/p>\n<\/div><\/div><\/div><\/div><\/div><\/div><img src='https:\/\/wss-osnabrueck.de\/wp-content\/uploads\/2018\/04\/schimmi_links_klein-1500x630.jpg' width='1500' height='630' title='schimmi_links_klein' alt='Rechtsanwalt Tobias Schimm\u00f6ller'  itemprop=\"thumbnailUrl\"   \/><\/div><\/li><li  class=' slide-2 ' ><div data-rel='slideshow-1' class='avia-slide-wrap'  ><div class = \"caption_fullwidth av-slideshow-caption caption_left caption_left_framed caption_framed\"><div class = \"container caption_container\"><div class = \"slideshow_caption\"><div class = \"slideshow_inner_caption\"><div class = \"slideshow_align_caption\"><h2  class='avia-caption-title '  itemprop=\"name\" >Hans-Adolf Welp<\/h2><div class='avia-caption-content  '  itemprop=\"description\"  ><p>Rechtsanwalt und Notar a.D.<br \/>\nOf Counsel<\/p>\n<\/div><\/div><\/div><\/div><\/div><\/div><img src='https:\/\/wss-osnabrueck.de\/wp-content\/uploads\/2018\/04\/welp_rechts-web-1500x630.jpg' width='1500' height='630' title='welp_rechts-web' alt='Rechtsanwalt und Notar Hans-Adolf Welp'  itemprop=\"thumbnailUrl\"   \/><\/div><\/li><li  class=' slide-3 ' ><div data-rel='slideshow-1' class='avia-slide-wrap'  ><div class = \"caption_fullwidth av-slideshow-caption caption_right caption_right_framed caption_framed\"><div class = \"container caption_container\"><div class = \"slideshow_caption\"><div class = \"slideshow_inner_caption\"><div class = \"slideshow_align_caption\"><h2  class='avia-caption-title '  itemprop=\"name\" >Anja Taphorn<\/h2><div class='avia-caption-content  '  itemprop=\"description\"  ><p>Rechtsanw\u00e4ltin und Notarin<\/p>\n<\/div><\/div><\/div><\/div><\/div><\/div><img src='https:\/\/wss-osnabrueck.de\/wp-content\/uploads\/2018\/04\/taphorn_links_2-web-1500x630.jpg' width='1500' height='630' title='taphorn_links_2-web' alt='Rechtsanw\u00e4ltin und Notarin Anja Taphorn'  itemprop=\"thumbnailUrl\"   \/><\/div><\/li><li  class=' slide-4 ' ><div data-rel='slideshow-1' class='avia-slide-wrap'  ><div class = \"caption_fullwidth av-slideshow-caption caption_left caption_left_framed caption_framed\"><div class = \"container caption_container\"><div class = \"slideshow_caption\"><div class = \"slideshow_inner_caption\"><div class = \"slideshow_align_caption\"><h2  class='avia-caption-title '  itemprop=\"name\" >Matthias Strau\u00df<\/h2><div class='avia-caption-content  '  itemprop=\"description\"  ><p>Rechtsanwalt<br \/>\nFachanwalt f\u00fcr Verkehrsrecht<\/p>\n<\/div><\/div><\/div><\/div><\/div><\/div><img src='https:\/\/wss-osnabrueck.de\/wp-content\/uploads\/2020\/09\/wss_strauss-1500x630.jpg' width='1500' height='630' title='wss_strauss' alt=''  itemprop=\"thumbnailUrl\"   \/><\/div><\/li><li  class=' slide-5 ' ><div data-rel='slideshow-1' class='avia-slide-wrap'  ><div class = \"caption_fullwidth av-slideshow-caption caption_left caption_left_framed caption_framed\"><div class = \"container caption_container\"><div class = \"slideshow_caption\"><div class = \"slideshow_inner_caption\"><div class = \"slideshow_align_caption\"><h2  class='avia-caption-title '  itemprop=\"name\" >Volker Buddenberg<\/h2><div class='avia-caption-content  '  itemprop=\"description\"  ><p>Rechtsanwalt<br \/>\nFachanwalt f\u00fcr Arbeitsrecht<\/p>\n<\/div><\/div><\/div><\/div><\/div><\/div><img src='https:\/\/wss-osnabrueck.de\/wp-content\/uploads\/2020\/09\/wss_buddenberg1-1500x630.jpg' width='1500' height='630' title='wss_buddenberg1' alt=''  itemprop=\"thumbnailUrl\"   \/><\/div><\/li><li  class=' slide-6 ' ><div data-rel='slideshow-1' class='avia-slide-wrap'  ><div class = \"caption_fullwidth av-slideshow-caption caption_right caption_right_framed caption_framed\"><div class = \"container caption_container\"><div class = \"slideshow_caption\"><div class = \"slideshow_inner_caption\"><div class = \"slideshow_align_caption\"><h2  class='avia-caption-title '  itemprop=\"name\" >Fabian Steffens<\/h2><div class='avia-caption-content  '  itemprop=\"description\"  ><p>Rechtsanwalt<br \/>\nFachanwalt f\u00fcr Familienrecht<br \/>\nMediator (DAA)<\/p>\n<\/div><\/div><\/div><\/div><\/div><\/div><img src='https:\/\/wss-osnabrueck.de\/wp-content\/uploads\/2020\/09\/wss_steffens-1500x630.jpg' width='1500' height='630' title='wss_steffens' alt=''  itemprop=\"thumbnailUrl\"   \/><\/div><\/li><\/ul><div class='avia-slideshow-arrows avia-slideshow-controls'><a href='#prev' class='prev-slide' aria-hidden='true' data-av_icon='\ue87c' data-av_iconfont='entypo-fontello'>Zur\u00fcck<\/a><a href='#next' class='next-slide' aria-hidden='true' data-av_icon='\ue87d' data-av_iconfont='entypo-fontello'>Weiter<\/a><\/div><div class='avia-slideshow-dots avia-slideshow-controls'><a href='#1' class='goto-slide active' >1<\/a><a href='#2' class='goto-slide ' >2<\/a><a href='#3' class='goto-slide ' >3<\/a><a href='#4' class='goto-slide ' >4<\/a><a href='#5' class='goto-slide ' >5<\/a><a href='#6' class='goto-slide ' >6<\/a><\/div><\/div><\/div>\n<div class=\"flex_column av_one_full  flex_column_div av-zero-column-padding first  \" style='border-radius:0px; '><section class=\"av_textblock_section \"  itemscope=\"itemscope\" itemtype=\"https:\/\/schema.org\/CreativeWork\" ><div class='avia_textblock  '   itemprop=\"text\" ><h1 style=\"text-align: center;\"><strong>Welp | Schimm\u00f6ller | Strau\u00df <\/strong><\/h1>\n<h3 style=\"text-align: center;\"><strong>Ihre Notare, Rechtsanw\u00e4lte und Fachanw\u00e4lte in Osnabr\u00fcck und Georgsmarienh\u00fctte<br \/>\n<\/strong><\/h3>\n<p style=\"text-align: center;\">Willkommen auf unseren Seiten, mit denen wir Ihnen unser Team und unser Angebot vorstellen m\u00f6chten. Wir bieten als Rechtsanw\u00e4lte und Notare sichere und verst\u00e4ndliche Beratung bei Grundst\u00fcckskauf, Erbschaft, Gr\u00fcndung von Gesellschaften und Ehevertr\u00e4gen. Au\u00dferdem bieten unsere Rechtsanw\u00e4lte und Fachanw\u00e4lte qualifizierte Hilfe unter anderem in den Bereichen Arbeitsrecht, Verkehrsrecht, Familienrecht und Baurecht.<\/p>\n<p style=\"text-align: center;\">Neben unseren Rechts- und Fachanw\u00e4lten steht Ihnen ein gut ausgebildetes und engagiertes Team an Mitarbeitern zur Verf\u00fcgung, das sich durch regelm\u00e4\u00dfige Fortbildungen stets auf dem neuesten Stand der rechtswissenschaftlichen Praxis h\u00e4lt. Die Mitarbeiter des anwaltlichen Bereiches setzen Ihre Interessen mit Nachdruck durch. Der regelm\u00e4\u00dfige Kontakt mit Ihnen und der Austausch von Informationen ist dabei selbstverst\u00e4ndlich.<\/p>\n<p style=\"text-align: center;\">In notariellen Angelegenheiten stehen Ihnen hochqualifizierte Mitarbeiterinnen zur Seite, die einen optimalen Vollzug der Urkunden sicherstellen und alle hiermit im Zusammenhang stehenden Fragen mit Ihnen er\u00f6rtern.<\/p>\n<p style=\"text-align: center;\">Falls Sie noch Fragen haben, sprechen Sie unsere Mitarbeiter oder uns selbst an.<\/p>\n<p style=\"text-align: center;\">\u201eWir unterst\u00fctzen Sie gerne!\u201c<\/p>\n<p style=\"text-align: center;\">Tobias Schimm\u00f6ller | Matthias Strau\u00df | Anja Taphorn | Volker Buddenberg | Fabian Steffens<\/p>\n<\/div><\/section><\/div>\n<\/div><\/div><\/div><!-- close content main div --><\/div><\/div><div id='av_section_1' class='avia-section alternate_color avia-section-default avia-no-shadow avia-bg-style-scroll   container_wrap fullsize'   ><div class='container' ><div class='template-page content  av-content-full alpha units'><div class='post-entry post-entry-type-page post-entry-34'><div class='entry-content-wrapper clearfix'>\n<div class=\"flex_column av_one_half  flex_column_div av-zero-column-padding first  \" style='border-radius:0px; '><article class=\"iconbox iconbox_top main_color    \"  itemscope=\"itemscope\" itemtype=\"https:\/\/schema.org\/CreativeWork\" ><div class=\"iconbox_content\"><header class=\"entry-content-header\"><div class=\"iconbox_icon heading-color \" aria-hidden='true' data-av_icon='\ue8c9' data-av_iconfont='entypo-fontello'  ><\/div><h3 class='iconbox_content_title '  itemprop=\"headline\"  ><a href='https:\/\/wss-osnabrueck.de\/?page_id=17' title='Anwaltsbereich'  >Anwaltsbereich<\/a><\/h3><\/header><div class='iconbox_content_container  '  itemprop=\"text\"  ><p>Die verschiedenen Schwerpunkte unsere Anw\u00e4lte und Fachanw\u00e4lte decken ein breites Spektrum zu rechtlichen Fragen ab &#8211; von &#8222;A&#8220; wie Arbeitsrecht bis zum &#8222;V&#8220; wie Verkehrsrecht. Die einzelnen Themengebiete finden Sie auf dieser Seite.<\/p>\n<\/div><\/div><footer class=\"entry-footer\"><\/footer><\/article><\/div><div class=\"flex_column av_one_half  flex_column_div av-zero-column-padding   \" style='border-radius:0px; '><article class=\"iconbox iconbox_top main_color    \"  itemscope=\"itemscope\" itemtype=\"https:\/\/schema.org\/CreativeWork\" ><div class=\"iconbox_content\"><header class=\"entry-content-header\"><div class=\"iconbox_icon heading-color \" aria-hidden='true' data-av_icon='\ue837' data-av_iconfont='entypo-fontello'  ><\/div><h3 class='iconbox_content_title '  itemprop=\"headline\"  ><a href='https:\/\/wss-osnabrueck.de\/?page_id=16' title='Notarieller Bereich'  >Notarieller Bereich<\/a><\/h3><\/header><div class='iconbox_content_container  '  itemprop=\"text\"  ><p>Als Notare sind wir unabh\u00e4ngige Tr\u00e4ger eines \u00f6ffentlichen Amtes mit hoheitlichen Befugnissen. Unsere T\u00e4tigkeit geh\u00f6rt zur sog. vorsorgenden Rechtspflege und ist in verschiedenen Bereichen zumindest angeraten.<\/p>\n<p>Telefonzeiten Notariat: Montag &#8211; Freitag 09:00 Uhr-12:30 Uhr, Montag, Dienstag, Donnerstag 14:30 Uhr -17:00 Uhr.<\/p>\n<\/div><\/div><footer class=\"entry-footer\"><\/footer><\/article><\/div>\n\n<div class=\"flex_column av_one_full  flex_column_div av-zero-column-padding first  \" style='border-radius:0px; '><section class=\"av_textblock_section \"  itemscope=\"itemscope\" itemtype=\"https:\/\/schema.org\/CreativeWork\" ><div class='avia_textblock  '   itemprop=\"text\" ><h1 style=\"text-align: center;\">Ansprechpartner<\/h1>\n<\/div><\/section><\/div>\n<\/div><\/div><\/div><!-- close content main div --><\/div><\/div><div id='av_section_2' class='avia-section main_color avia-section-default avia-no-shadow avia-bg-style-scroll   container_wrap fullsize'   ><div class='container' ><div class='template-page content  av-content-full alpha units'><div class='post-entry post-entry-type-page post-entry-34'><div class='entry-content-wrapper clearfix'>\n<div class=\"flex_column av_one_third  flex_column_div av-zero-column-padding first  \" style='border-radius:0px; '><section class='avia-team-member  '  itemscope=\"itemscope\" itemtype=\"https:\/\/schema.org\/Person\" ><div class='team-img-container'><img class='avia_image avia_image_team' src='https:\/\/wss-osnabrueck.de\/wp-content\/uploads\/2018\/04\/welp_rechts-web-300x150.jpg' alt='Hans-Adolf Welp'  itemprop=\"image\"  \/><div class='team-social'><div class='team-social-inner'><span class='hidden av_member_url_markup '  itemprop=\"url\" >https:\/\/wss-osnabrueck.de\/?page_id=120<\/span><a rel='v:url' data-avia-tooltip=\"weitere Informationen\"  class=' avia-team-icon ' href='https:\/\/wss-osnabrueck.de\/?page_id=120' aria-hidden='true' data-av_icon='\ue879' data-av_iconfont='entypo-fontello'><\/a><span class='hidden av_member_url_markup '  itemprop=\"email\" >mailtto:info@wss-osnabrueck.de<\/span><a rel='v:url' data-avia-tooltip=\"E-Mail schreiben\"  class=' avia-team-icon ' href='mailtto:info@wss-osnabrueck.de' aria-hidden='true' data-av_icon='\ue805' data-av_iconfont='entypo-fontello'><\/a><\/div><\/div><\/div><h3 class='team-member-name'   itemprop=\"name\" >Hans-Adolf Welp<\/h3><div class='team-member-job-title '   itemprop=\"jobTitle\" >Rechtsanwalt und Notar a.D. | Of Counsel<\/div><span class='hidden team-member-affiliation'  itemprop=\"affiliation\" >Welp | Schimm\u00f6ller | Strau\u00df<\/span><\/section><\/div><div class=\"flex_column av_one_third  flex_column_div av-zero-column-padding   \" style='border-radius:0px; '><section class='avia-team-member  '  itemscope=\"itemscope\" itemtype=\"https:\/\/schema.org\/Person\" ><div class='team-img-container'><img class='avia_image avia_image_team' src='https:\/\/wss-osnabrueck.de\/wp-content\/uploads\/2018\/04\/schimmi_links_klein-300x150.jpg' alt='Tobias Schimm\u00f6ller'  itemprop=\"image\"  \/><div class='team-social'><div class='team-social-inner'><span class='hidden av_member_url_markup '  itemprop=\"url\" >https:\/\/wss-osnabrueck.de\/?page_id=123<\/span><a rel='v:url' data-avia-tooltip=\"weitere Informationen\"  class=' avia-team-icon ' href='https:\/\/wss-osnabrueck.de\/?page_id=123' aria-hidden='true' data-av_icon='\ue879' data-av_iconfont='entypo-fontello'><\/a><span class='hidden av_member_url_markup '  itemprop=\"email\" >mailto:schimmoeller@wss-osnabrueck.de<\/span><a rel='v:url' data-avia-tooltip=\"E-Mail schreiben\"  class=' avia-team-icon ' href='mailto:schimmoeller@wss-osnabrueck.de' aria-hidden='true' data-av_icon='\ue805' data-av_iconfont='entypo-fontello'><\/a><\/div><\/div><\/div><h3 class='team-member-name'   itemprop=\"name\" >Tobias Schimm\u00f6ller<\/h3><div class='team-member-job-title '   itemprop=\"jobTitle\" >Rechtsanwalt und Notar | Fachanwalt f\u00fcr Bau- und Architektenrecht<\/div><span class='hidden team-member-affiliation'  itemprop=\"affiliation\" >Welp | Schimm\u00f6ller | Strau\u00df<\/span><\/section><\/div><div class=\"flex_column av_one_third  flex_column_div av-zero-column-padding   \" style='border-radius:0px; '><section class='avia-team-member  '  itemscope=\"itemscope\" itemtype=\"https:\/\/schema.org\/Person\" ><div class='team-img-container'><img class='avia_image avia_image_team' src='https:\/\/wss-osnabrueck.de\/wp-content\/uploads\/2020\/09\/wss_strauss-scaled.jpg' alt='Matthias Strau\u00df'  itemprop=\"image\"  \/><div class='team-social'><div class='team-social-inner'><span class='hidden av_member_url_markup '  itemprop=\"url\" >https:\/\/wss-osnabrueck.de\/?page_id=126<\/span><a rel='v:url' data-avia-tooltip=\"weitere Informationen\"  class=' avia-team-icon ' href='https:\/\/wss-osnabrueck.de\/?page_id=126' aria-hidden='true' data-av_icon='\ue879' data-av_iconfont='entypo-fontello'><\/a><span class='hidden av_member_url_markup '  itemprop=\"email\" >mailto:strauss@wss-osnabrueck.de<\/span><a rel='v:url' data-avia-tooltip=\"E-Mail schreiben\"  class=' avia-team-icon ' href='mailto:strauss@wss-osnabrueck.de' aria-hidden='true' data-av_icon='\ue805' data-av_iconfont='entypo-fontello'><\/a><\/div><\/div><\/div><h3 class='team-member-name'   itemprop=\"name\" >Matthias Strau\u00df<\/h3><div class='team-member-job-title '   itemprop=\"jobTitle\" >Rechtsanwalt und Fachanwalt f\u00fcr Verkehrsrecht<\/div><span class='hidden team-member-affiliation'  itemprop=\"affiliation\" >Welp | Schimm\u00f6ller | Strau\u00df<\/span><\/section><\/div><div class=\"flex_column av_one_third  flex_column_div av-zero-column-padding first  \" style='border-radius:0px; '><section class='avia-team-member  '  itemscope=\"itemscope\" itemtype=\"https:\/\/schema.org\/Person\" ><div class='team-img-container'><img class='avia_image avia_image_team' src='https:\/\/wss-osnabrueck.de\/wp-content\/uploads\/2018\/04\/taphorn_links-web-300x150.jpg' alt='Anja Taphorn'  itemprop=\"image\"  \/><div class='team-social'><div class='team-social-inner'><span class='hidden av_member_url_markup '  itemprop=\"url\" >https:\/\/wss-osnabrueck.de\/?page_id=129<\/span><a rel='v:url' data-avia-tooltip=\"Weitere Informationen\"  class=' avia-team-icon ' href='https:\/\/wss-osnabrueck.de\/?page_id=129' aria-hidden='true' data-av_icon='\ue879' data-av_iconfont='entypo-fontello'><\/a><span class='hidden av_member_url_markup '  itemprop=\"email\" >mailto:taphorn@wss-osnabrueck.de<\/span><a rel='v:url' data-avia-tooltip=\"E-Mail schreiben\"  class=' avia-team-icon ' href='mailto:taphorn@wss-osnabrueck.de' aria-hidden='true' data-av_icon='\ue805' data-av_iconfont='entypo-fontello'><\/a><\/div><\/div><\/div><h3 class='team-member-name'   itemprop=\"name\" >Anja Taphorn<\/h3><div class='team-member-job-title '   itemprop=\"jobTitle\" >Rechtsanw\u00e4ltin und Notarin<\/div><span class='hidden team-member-affiliation'  itemprop=\"affiliation\" >Welp | Schimm\u00f6ller | Strau\u00df<\/span><\/section><\/div><div class=\"flex_column av_one_third  flex_column_div av-zero-column-padding   \" style='border-radius:0px; '><section class='avia-team-member  '  itemscope=\"itemscope\" itemtype=\"https:\/\/schema.org\/Person\" ><div class='team-img-container'><img class='avia_image avia_image_team' src='https:\/\/wss-osnabrueck.de\/wp-content\/uploads\/2020\/09\/wss_buddenberg1-scaled.jpg' alt='Volker Buddenberg'  itemprop=\"image\"  \/><div class='team-social'><div class='team-social-inner'><span class='hidden av_member_url_markup '  itemprop=\"url\" >https:\/\/wss-osnabrueck.de\/?page_id=903<\/span><a rel='v:url' data-avia-tooltip=\"weitere Informationen\"  class=' avia-team-icon ' href='https:\/\/wss-osnabrueck.de\/?page_id=903' aria-hidden='true' data-av_icon='\ue879' data-av_iconfont='entypo-fontello'><\/a><span class='hidden av_member_url_markup '  itemprop=\"email\" >mailtto:buddenberg@wss-osnabrueck.de<\/span><a rel='v:url' data-avia-tooltip=\"E-Mail schreiben\"  class=' avia-team-icon ' href='mailtto:buddenberg@wss-osnabrueck.de' aria-hidden='true' data-av_icon='\ue805' data-av_iconfont='entypo-fontello'><\/a><\/div><\/div><\/div><h3 class='team-member-name'   itemprop=\"name\" >Volker Buddenberg<\/h3><div class='team-member-job-title '   itemprop=\"jobTitle\" >Rechtsanwalt und Fachanwalt f\u00fcr Arbeitsrecht<\/div><span class='hidden team-member-affiliation'  itemprop=\"affiliation\" >Welp | Schimm\u00f6ller | Strau\u00df<\/span><\/section><\/div><div class=\"flex_column av_one_third  flex_column_div av-zero-column-padding   \" style='border-radius:0px; '><section class='avia-team-member  '  itemscope=\"itemscope\" itemtype=\"https:\/\/schema.org\/Person\" ><div class='team-img-container'><img class='avia_image avia_image_team' src='https:\/\/wss-osnabrueck.de\/wp-content\/uploads\/2018\/11\/steffens-1-300x150.jpg' alt='Fabian Steffens'  itemprop=\"image\"  \/><div class='team-social'><div class='team-social-inner'><span class='hidden av_member_url_markup '  itemprop=\"url\" >https:\/\/wss-osnabrueck.de\/?page_id=839<\/span><a rel='v:url' data-avia-tooltip=\"weitere Informationen\"  class=' avia-team-icon ' href='https:\/\/wss-osnabrueck.de\/?page_id=839' aria-hidden='true' data-av_icon='\ue879' data-av_iconfont='entypo-fontello'><\/a><span class='hidden av_member_url_markup '  itemprop=\"email\" >mailto:steffens@wss-osnabrueck.de<\/span><a rel='v:url' data-avia-tooltip=\"E-Mail schreiben\"  class=' avia-team-icon ' href='mailto:steffens@wss-osnabrueck.de' aria-hidden='true' data-av_icon='\ue805' data-av_iconfont='entypo-fontello'><\/a><\/div><\/div><\/div><h3 class='team-member-name'   itemprop=\"name\" >Fabian Steffens<\/h3><div class='team-member-job-title '   itemprop=\"jobTitle\" >Rechtsanwalt und Fachanwalt f\u00fcr Familienrecht<\/div><span class='hidden team-member-affiliation'  itemprop=\"affiliation\" >Welp | Schimm\u00f6ller | Strau\u00df<\/span><\/section><\/div><div class=\"flex_column av_one_third  flex_column_div av-zero-column-padding first  \" style='border-radius:0px; '><section class='avia-team-member  '  itemscope=\"itemscope\" itemtype=\"https:\/\/schema.org\/Person\" ><h3 class='team-member-name'   itemprop=\"name\" >Olga Asselborn-Ebert<\/h3><div class='team-member-job-title '   itemprop=\"jobTitle\" >Angestellte Rechtsanw\u00e4ltin<\/div><span class='hidden team-member-affiliation'  itemprop=\"affiliation\" >Welp | Schimm\u00f6ller | Strau\u00df<\/span><\/section><\/div><div class=\"flex_column av_one_third  flex_column_div av-zero-column-padding   \" style='border-radius:0px; '><section class='avia-team-member  '  itemscope=\"itemscope\" itemtype=\"https:\/\/schema.org\/Person\" ><h3 class='team-member-name'   itemprop=\"name\" >Birk Wachtarczyk<\/h3><div class='team-member-job-title '   itemprop=\"jobTitle\" >Angestellter Rechtsanwalt und Fachanwalt f\u00fcr Verkehrsrecht<\/div><span class='hidden team-member-affiliation'  itemprop=\"affiliation\" >Welp | Schimm\u00f6ller | Strau\u00df<\/span><\/section><\/div><\/div><\/div><\/div><!-- close content main div --><\/div><\/div><div id='av_section_3' class='avia-section alternate_color avia-section-default avia-no-shadow avia-bg-style-scroll   container_wrap fullsize'   ><div class='container' ><div class='template-page content  av-content-full alpha units'><div class='post-entry post-entry-type-page post-entry-34'><div class='entry-content-wrapper clearfix'>\n<div class=\"flex_column av_one_half  flex_column_div av-zero-column-padding first  \" style='border-radius:0px; '><section class=\"av_textblock_section \"  itemscope=\"itemscope\" itemtype=\"https:\/\/schema.org\/CreativeWork\" ><div class='avia_textblock  '   itemprop=\"text\" ><h3 style=\"text-align: center;\"><strong>B\u00fcro in Osnabr\u00fcck:<\/strong><\/h3>\n<p style=\"text-align: center;\"><strong>Soziet\u00e4t<\/strong><br \/>\n<strong>Welp | Schimm\u00f6ller | Strau\u00df<\/strong><\/p>\n<p style=\"text-align: center;\">Schlo\u00dfstra\u00dfe 26<br \/>\n49074 Osnabr\u00fcck<br \/>\nTel.: 0541-9986890<br \/>\nFax: 0541-99868929<br \/>\ninfo@wss-osnabrueck.de<\/p>\n<p style=\"text-align: center;\">Barrierefreier Zugang \u00fcber den Fahrstuhl am Nebeneingang\/Parkplatz<\/p>\n<p style=\"text-align: center;\">Eigene Parkpl\u00e4tze an der Kanzlei<\/p>\n<\/div><\/section><br \/>\n<div  class='hr hr-short hr-center  '><span class='hr-inner ' ><span class='hr-inner-style'><\/span><\/span><\/div><br \/>\n<div id='av_gmap_1' class='avia-google-map-container ' data-mapid='1' style='height: 400px;'><\/div><\/p><\/div><div class=\"flex_column av_one_half  flex_column_div av-zero-column-padding   \" style='border-radius:0px; '><section class=\"av_textblock_section \"  itemscope=\"itemscope\" itemtype=\"https:\/\/schema.org\/CreativeWork\" ><div class='avia_textblock  '   itemprop=\"text\" ><h3 style=\"text-align: center;\"><strong>B\u00fcro in Georgsmarienh\u00fctte:<\/strong><\/h3>\n<p style=\"text-align: center;\"><strong>Soziet\u00e4t<\/strong><br \/>\n<strong>Welp | Schimm\u00f6ller | Strau\u00df<\/strong><\/p>\n<p style=\"text-align: center;\">Erzlager 6<br \/>\n49124 Georgsmarienh\u00fctte<br \/>\nTel.: 05401-849366-0<br \/>\nFax: 05401-849366-1<br \/>\ngmhuette@wss-osnabrueck.de<\/p>\n<\/div><\/section><br \/>\n<div  class='hr hr-short hr-center  '><span class='hr-inner ' ><span class='hr-inner-style'><\/span><\/span><\/div><br \/>\n<div id='av_gmap_2' class='avia-google-map-container ' data-mapid='2' style='height: 400px;'><\/div><\/p><\/div>\n<\/p>\n<\/div><\/div><\/div><!-- close content main div --><\/div><\/div><div id='av_section_4' class='avia-section main_color avia-section-default avia-no-shadow avia-bg-style-scroll   container_wrap fullsize'   ><div class='container' ><div class='template-page content  av-content-full alpha units'><div class='post-entry post-entry-type-page post-entry-34'><div class='entry-content-wrapper clearfix'>\n<div class=\"flex_column av_one_full  flex_column_div av-zero-column-padding first  \" style='border-radius:0px; '><section class=\"av_textblock_section \"  itemscope=\"itemscope\" itemtype=\"https:\/\/schema.org\/CreativeWork\" ><div class='avia_textblock  '   itemprop=\"text\" ><h1 style=\"text-align: center;\">Aktuelles<\/h1>\n<\/div><\/section><br \/>\n<div  data-autoplay=''  data-interval='5'  data-animation='fade'  data-show_slide_delay='90'  class='avia-content-slider avia-content-grid-active avia-content-slider1 avia-content-slider-even  '  itemscope=\"itemscope\" itemtype=\"https:\/\/schema.org\/Blog\" ><div class='avia-content-slider-inner'><div class='slide-entry-wrap'><article class='slide-entry flex_column  post-entry post-entry-1812 slide-entry-overview slide-loop-1 slide-parity-odd  av_one_fourth first real-thumbnail'  itemscope=\"itemscope\" itemtype=\"https:\/\/schema.org\/BlogPosting\" itemprop=\"blogPost\" ><a href='https:\/\/wss-osnabrueck.de\/?p=1812' data-rel='slide-1' class='slide-image' title=''><img loading=\"lazy\" decoding=\"async\" width=\"260\" height=\"185\" src=\"https:\/\/wss-osnabrueck.de\/wp-content\/uploads\/2018\/05\/schimmi_mitte-260x185.jpg\" class=\"attachment-portfolio_small size-portfolio_small wp-post-image\" alt=\"Rechtsanwalt Tobias Schimm\u00f6ller\" \/><\/a><div class='slide-content'><header class=\"entry-content-header\"><h3 class='slide-entry-title entry-title'  itemprop=\"headline\" ><a href='https:\/\/wss-osnabrueck.de\/?p=1812' title='Verstecktes Risiko beim Hauskauf - Sanierungspflichten nach dem GEG'>Verstecktes Risiko beim Hauskauf - Sanierungspflichten nach dem GEG<\/a><\/h3><span class=\"av-vertical-delimiter\"><\/span><\/header><div class='slide-meta'><time class='slide-meta-time updated'  itemprop=\"datePublished\" datetime=\"2024-10-24T13:20:30+00:00\" >24. Oktober 2024<\/time><\/div><div class='slide-entry-excerpt entry-content'  itemprop=\"text\" >Egal ob Hauskauf, Erbe oder Schenkung: Bei einem Eigent\u00fcmerwechsel\u2026<\/div><\/div><footer class=\"entry-footer\"><\/footer><span class='hidden'>\n\t\t\t<span class='av-structured-data'  itemprop=\"ImageObject\" itemscope=\"itemscope\" itemtype=\"https:\/\/schema.org\/ImageObject\"  itemprop='image'>\n\t\t\t\t\t   <span itemprop='url' >https:\/\/wss-osnabrueck.de\/wp-content\/uploads\/2018\/05\/schimmi_mitte.jpg<\/span>\n\t\t\t\t\t   <span itemprop='height' >2420<\/span>\n\t\t\t\t\t   <span itemprop='width' >4839<\/span>\n\t\t\t\t  <\/span><span class='av-structured-data'  itemprop=\"publisher\" itemtype=\"https:\/\/schema.org\/Organization\" itemscope=\"itemscope\" >\n\t\t\t\t<span itemprop='name'>Tobias Schimm\u00f6ller<\/span>\n\t\t\t\t<span itemprop='logo' itemscope itemtype='http:\/\/schema.org\/ImageObject'>\n\t\t\t\t   <span itemprop='url'>https:\/\/wss-osnabrueck.de\/wp-content\/uploads\/2018\/07\/Logo-wss-2-trans-kleinst-5-300x53.gif<\/span>\n\t\t\t\t <\/span>\n\t\t\t  <\/span><span class='av-structured-data'  itemprop=\"author\" itemscope=\"itemscope\" itemtype=\"https:\/\/schema.org\/Person\" ><span itemprop='name'>Tobias Schimm\u00f6ller<\/span><\/span><span class='av-structured-data'  itemprop=\"datePublished\" datetime=\"2020-09-28T09:13:31+00:00\" >2024-10-24 13:20:30<\/span><span class='av-structured-data'  itemprop=\"dateModified\" itemtype=\"https:\/\/schema.org\/dateModified\" >2024-10-24 13:46:28<\/span><span class='av-structured-data'  itemprop=\"mainEntityOfPage\" itemtype=\"https:\/\/schema.org\/mainEntityOfPage\" ><span itemprop='name'>Verstecktes Risiko beim Hauskauf - Sanierungspflichten nach dem GEG<\/span><\/span><\/span><\/article><article class='slide-entry flex_column  post-entry post-entry-1783 slide-entry-overview slide-loop-2 slide-parity-even  av_one_fourth  real-thumbnail'  itemscope=\"itemscope\" itemtype=\"https:\/\/schema.org\/BlogPosting\" itemprop=\"blogPost\" ><a href='https:\/\/wss-osnabrueck.de\/?p=1783' data-rel='slide-1' class='slide-image' title=''><img loading=\"lazy\" decoding=\"async\" width=\"260\" height=\"185\" src=\"https:\/\/wss-osnabrueck.de\/wp-content\/uploads\/2018\/05\/schimmi_mitte-260x185.jpg\" class=\"attachment-portfolio_small size-portfolio_small wp-post-image\" alt=\"Rechtsanwalt Tobias Schimm\u00f6ller\" \/><\/a><div class='slide-content'><header class=\"entry-content-header\"><h3 class='slide-entry-title entry-title'  itemprop=\"headline\" ><a href='https:\/\/wss-osnabrueck.de\/?p=1783' title='Pflichten des Notars bei Kauf eines Erbbaurechtes'>Pflichten des Notars bei Kauf eines Erbbaurechtes<\/a><\/h3><span class=\"av-vertical-delimiter\"><\/span><\/header><div class='slide-meta'><time class='slide-meta-time updated'  itemprop=\"datePublished\" datetime=\"2024-05-31T19:15:34+00:00\" >31. Mai 2024<\/time><\/div><div class='slide-entry-excerpt entry-content'  itemprop=\"text\" >BGH, Urt. v. 15.6.2023 \u2212 III ZR 44\/22\r\n\r\nEin Notar verletzt\u2026<\/div><\/div><footer class=\"entry-footer\"><\/footer><span class='hidden'>\n\t\t\t<span class='av-structured-data'  itemprop=\"ImageObject\" itemscope=\"itemscope\" itemtype=\"https:\/\/schema.org\/ImageObject\"  itemprop='image'>\n\t\t\t\t\t   <span itemprop='url' >https:\/\/wss-osnabrueck.de\/wp-content\/uploads\/2018\/05\/schimmi_mitte.jpg<\/span>\n\t\t\t\t\t   <span itemprop='height' >2420<\/span>\n\t\t\t\t\t   <span itemprop='width' >4839<\/span>\n\t\t\t\t  <\/span><span class='av-structured-data'  itemprop=\"publisher\" itemtype=\"https:\/\/schema.org\/Organization\" itemscope=\"itemscope\" >\n\t\t\t\t<span itemprop='name'>Tobias Schimm\u00f6ller<\/span>\n\t\t\t\t<span itemprop='logo' itemscope itemtype='http:\/\/schema.org\/ImageObject'>\n\t\t\t\t   <span itemprop='url'>https:\/\/wss-osnabrueck.de\/wp-content\/uploads\/2018\/07\/Logo-wss-2-trans-kleinst-5-300x53.gif<\/span>\n\t\t\t\t <\/span>\n\t\t\t  <\/span><span class='av-structured-data'  itemprop=\"author\" itemscope=\"itemscope\" itemtype=\"https:\/\/schema.org\/Person\" ><span itemprop='name'>Tobias Schimm\u00f6ller<\/span><\/span><span class='av-structured-data'  itemprop=\"datePublished\" datetime=\"2020-09-28T09:13:31+00:00\" >2024-05-31 19:15:34<\/span><span class='av-structured-data'  itemprop=\"dateModified\" itemtype=\"https:\/\/schema.org\/dateModified\" >2024-05-31 19:15:34<\/span><span class='av-structured-data'  itemprop=\"mainEntityOfPage\" itemtype=\"https:\/\/schema.org\/mainEntityOfPage\" ><span itemprop='name'>Pflichten des Notars bei Kauf eines Erbbaurechtes<\/span><\/span><\/span><\/article><article class='slide-entry flex_column  post-entry post-entry-1778 slide-entry-overview slide-loop-3 slide-parity-odd  av_one_fourth  real-thumbnail'  itemscope=\"itemscope\" itemtype=\"https:\/\/schema.org\/BlogPosting\" itemprop=\"blogPost\" ><a href='https:\/\/wss-osnabrueck.de\/?p=1778' data-rel='slide-1' class='slide-image' title=''><img loading=\"lazy\" decoding=\"async\" width=\"260\" height=\"185\" src=\"https:\/\/wss-osnabrueck.de\/wp-content\/uploads\/2018\/05\/schimmi_mitte-260x185.jpg\" class=\"attachment-portfolio_small size-portfolio_small wp-post-image\" alt=\"Rechtsanwalt Tobias Schimm\u00f6ller\" \/><\/a><div class='slide-content'><header class=\"entry-content-header\"><h3 class='slide-entry-title entry-title'  itemprop=\"headline\" ><a href='https:\/\/wss-osnabrueck.de\/?p=1778' title='Grunderwerbsteuerpflicht bei Verl\u00e4ngerung eines Erbbaurechts'>Grunderwerbsteuerpflicht bei Verl\u00e4ngerung eines Erbbaurechts<\/a><\/h3><span class=\"av-vertical-delimiter\"><\/span><\/header><div class='slide-meta'><time class='slide-meta-time updated'  itemprop=\"datePublished\" datetime=\"2024-05-30T11:49:12+00:00\" >30. Mai 2024<\/time><\/div><div class='slide-entry-excerpt entry-content'  itemprop=\"text\" >Das FG D\u00fcsseldorf hat mit Urteil vom 30.11.2023 \u2013 11 K 2195\/21\u2026<\/div><\/div><footer class=\"entry-footer\"><\/footer><span class='hidden'>\n\t\t\t<span class='av-structured-data'  itemprop=\"ImageObject\" itemscope=\"itemscope\" itemtype=\"https:\/\/schema.org\/ImageObject\"  itemprop='image'>\n\t\t\t\t\t   <span itemprop='url' >https:\/\/wss-osnabrueck.de\/wp-content\/uploads\/2018\/05\/schimmi_mitte.jpg<\/span>\n\t\t\t\t\t   <span itemprop='height' >2420<\/span>\n\t\t\t\t\t   <span itemprop='width' >4839<\/span>\n\t\t\t\t  <\/span><span class='av-structured-data'  itemprop=\"publisher\" itemtype=\"https:\/\/schema.org\/Organization\" itemscope=\"itemscope\" >\n\t\t\t\t<span itemprop='name'>Tobias Schimm\u00f6ller<\/span>\n\t\t\t\t<span itemprop='logo' itemscope itemtype='http:\/\/schema.org\/ImageObject'>\n\t\t\t\t   <span itemprop='url'>https:\/\/wss-osnabrueck.de\/wp-content\/uploads\/2018\/07\/Logo-wss-2-trans-kleinst-5-300x53.gif<\/span>\n\t\t\t\t <\/span>\n\t\t\t  <\/span><span class='av-structured-data'  itemprop=\"author\" itemscope=\"itemscope\" itemtype=\"https:\/\/schema.org\/Person\" ><span itemprop='name'>Tobias Schimm\u00f6ller<\/span><\/span><span class='av-structured-data'  itemprop=\"datePublished\" datetime=\"2020-09-28T09:13:31+00:00\" >2024-05-30 11:49:12<\/span><span class='av-structured-data'  itemprop=\"dateModified\" itemtype=\"https:\/\/schema.org\/dateModified\" >2024-05-31 18:38:15<\/span><span class='av-structured-data'  itemprop=\"mainEntityOfPage\" itemtype=\"https:\/\/schema.org\/mainEntityOfPage\" ><span itemprop='name'>Grunderwerbsteuerpflicht bei Verl\u00e4ngerung eines Erbbaurechts<\/span><\/span><\/span><\/article><article class='slide-entry flex_column  post-entry post-entry-1472 slide-entry-overview slide-loop-4 slide-parity-even  post-entry-last  av_one_fourth  real-thumbnail'  itemscope=\"itemscope\" itemtype=\"https:\/\/schema.org\/BlogPosting\" itemprop=\"blogPost\" ><a href='https:\/\/wss-osnabrueck.de\/?p=1472' data-rel='slide-1' class='slide-image' title=''><img loading=\"lazy\" decoding=\"async\" width=\"260\" height=\"185\" src=\"https:\/\/wss-osnabrueck.de\/wp-content\/uploads\/2018\/05\/schimmi_mitte-260x185.jpg\" class=\"attachment-portfolio_small size-portfolio_small wp-post-image\" alt=\"Rechtsanwalt Tobias Schimm\u00f6ller\" \/><\/a><div class='slide-content'><header class=\"entry-content-header\"><h3 class='slide-entry-title entry-title'  itemprop=\"headline\" ><a href='https:\/\/wss-osnabrueck.de\/?p=1472' title='Immobilien: WEG-Reform - Kurz\u00fcberblick'>Immobilien: WEG-Reform - Kurz\u00fcberblick<\/a><\/h3><span class=\"av-vertical-delimiter\"><\/span><\/header><div class='slide-meta'><time class='slide-meta-time updated'  itemprop=\"datePublished\" datetime=\"2020-09-28T09:13:31+00:00\" >28. September 2020<\/time><\/div><div class='slide-entry-excerpt entry-content'  itemprop=\"text\" >Der Bundestag hat die WEG-Reform am 17.9.2020 endg\u00fcltig beschlossen.\u2026<\/div><\/div><footer class=\"entry-footer\"><\/footer><span class='hidden'>\n\t\t\t<span class='av-structured-data'  itemprop=\"ImageObject\" itemscope=\"itemscope\" itemtype=\"https:\/\/schema.org\/ImageObject\"  itemprop='image'>\n\t\t\t\t\t   <span itemprop='url' >https:\/\/wss-osnabrueck.de\/wp-content\/uploads\/2018\/05\/schimmi_mitte.jpg<\/span>\n\t\t\t\t\t   <span itemprop='height' >2420<\/span>\n\t\t\t\t\t   <span itemprop='width' >4839<\/span>\n\t\t\t\t  <\/span><span class='av-structured-data'  itemprop=\"publisher\" itemtype=\"https:\/\/schema.org\/Organization\" itemscope=\"itemscope\" >\n\t\t\t\t<span itemprop='name'>Tobias Schimm\u00f6ller<\/span>\n\t\t\t\t<span itemprop='logo' itemscope itemtype='http:\/\/schema.org\/ImageObject'>\n\t\t\t\t   <span itemprop='url'>https:\/\/wss-osnabrueck.de\/wp-content\/uploads\/2018\/07\/Logo-wss-2-trans-kleinst-5-300x53.gif<\/span>\n\t\t\t\t <\/span>\n\t\t\t  <\/span><span class='av-structured-data'  itemprop=\"author\" itemscope=\"itemscope\" itemtype=\"https:\/\/schema.org\/Person\" ><span itemprop='name'>Tobias Schimm\u00f6ller<\/span><\/span><span class='av-structured-data'  itemprop=\"datePublished\" datetime=\"2020-09-28T09:13:31+00:00\" >2020-09-28 09:13:31<\/span><span class='av-structured-data'  itemprop=\"dateModified\" itemtype=\"https:\/\/schema.org\/dateModified\" >2020-09-28 10:00:25<\/span><span class='av-structured-data'  itemprop=\"mainEntityOfPage\" itemtype=\"https:\/\/schema.org\/mainEntityOfPage\" ><span itemprop='name'>Immobilien: WEG-Reform - Kurz\u00fcberblick<\/span><\/span><\/span><\/article><\/div><\/div><div class='pagination-wrap pagination-slider'><nav class='pagination'><span class='pagination-meta'>Seite 1 von 10<\/span><span class='current'>1<\/span><a href='https:\/\/wss-osnabrueck.de\/index.php?rest_route=%2Fwp%2Fv2%2Fpages%2F34&#038;paged=2' class='inactive' >2<\/a><a href='https:\/\/wss-osnabrueck.de\/index.php?rest_route=%2Fwp%2Fv2%2Fpages%2F34&#038;paged=3' class='inactive' >3<\/a><a href='https:\/\/wss-osnabrueck.de\/index.php?rest_route=%2Fwp%2Fv2%2Fpages%2F34&#038;paged=2'>&rsaquo;<\/a><a href='https:\/\/wss-osnabrueck.de\/index.php?rest_route=%2Fwp%2Fv2%2Fpages%2F34&#038;paged=10'>&raquo;<\/a><\/nav>\n<\/div><\/div><\/p><\/div>\n\n","protected":false},"excerpt":{"rendered":"","protected":false},"author":1,"featured_media":0,"parent":0,"menu_order":0,"comment_status":"closed","ping_status":"closed","template":"","meta":{"footnotes":""},"class_list":["post-34","page","type-page","status-publish","hentry"],"_links":{"self":[{"href":"https:\/\/wss-osnabrueck.de\/index.php?rest_route=\/wp\/v2\/pages\/34","targetHints":{"allow":["GET"]}}],"collection":[{"href":"https:\/\/wss-osnabrueck.de\/index.php?rest_route=\/wp\/v2\/pages"}],"about":[{"href":"https:\/\/wss-osnabrueck.de\/index.php?rest_route=\/wp\/v2\/types\/page"}],"author":[{"embeddable":true,"href":"https:\/\/wss-osnabrueck.de\/index.php?rest_route=\/wp\/v2\/users\/1"}],"replies":[{"embeddable":true,"href":"https:\/\/wss-osnabrueck.de\/index.php?rest_route=%2Fwp%2Fv2%2Fcomments&post=34"}],"version-history":[{"count":105,"href":"https:\/\/wss-osnabrueck.de\/index.php?rest_route=\/wp\/v2\/pages\/34\/revisions"}],"predecessor-version":[{"id":1944,"href":"https:\/\/wss-osnabrueck.de\/index.php?rest_route=\/wp\/v2\/pages\/34\/revisions\/1944"}],"wp:attachment":[{"href":"https:\/\/wss-osnabrueck.de\/index.php?rest_route=%2Fwp%2Fv2%2Fmedia&parent=34"}],"curies":[{"name":"wp","href":"https:\/\/api.w.org\/{rel}","templated":true}]}}