
{"id":169,"date":"2018-04-17T10:23:47","date_gmt":"2018-04-17T10:23:47","guid":{"rendered":"https:\/\/wss-osnabrueck.de\/?page_id=169"},"modified":"2025-11-18T08:51:51","modified_gmt":"2025-11-18T08:51:51","slug":"impressum","status":"publish","type":"page","link":"https:\/\/wss-osnabrueck.de\/?page_id=169","title":{"rendered":"Impressum"},"content":{"rendered":"<div class=\"flex_column av_one_third  flex_column_div av-zero-column-padding first  \" style='border-radius:0px; '><section class=\"av_textblock_section \"  itemscope=\"itemscope\" itemtype=\"https:\/\/schema.org\/CreativeWork\" ><div class='avia_textblock  '   itemprop=\"text\" ><h2><strong><span class=\"headline\">Impressum<\/span><\/strong><\/h2>\n<p><strong>Soziet\u00e4t Welp | Schimm\u00f6ller | Strau\u00df (GbR)<\/strong><\/p>\n<p>Gesellschafter: Rechtsanw\u00e4lte Tobias Schimm\u00f6ller (Notar), Matthias Strau\u00df, Anja Taphorn (Notarin), Volker Buddenberg, Fabian Steffens<\/p>\n<p><strong>B\u00fcro Osnabr\u00fcck:<br \/>\n<\/strong>Schlo\u00dfstra\u00dfe 26<br \/>\n49074 Osnabr\u00fcck<br \/>\n<strong>Tel.:<\/strong> 0541-99 8689 0<br \/>\n<strong>Fax:<\/strong> 0541-99 8689 29<br \/>\n<strong>E-Mail:<\/strong> info@wss-osnabrueck.de<br \/>\n<strong>URL:<\/strong> <a title=\"Homepage Rechtsanwalt Schimm\u00f6ller\" href=\"https:\/\/wss-osnabrueck.de\" target=\"_blank\" rel=\"noopener\">www.wss-osnabrueck.de<\/a><\/p>\n<p><strong>B\u00fcro Georgsmarienh\u00fctte:<br \/>\n<\/strong>Erzlager 6<br \/>\n49124 Georgsmarienh\u00fctte<br \/>\n<strong>Tel.:<\/strong> 05401-849366-0<br \/>\n<strong>Fax:<\/strong> 05401-849366-1<br \/>\n<strong>E-Mail:<\/strong> gmhuette@wss-osnabrueck.de<br \/>\n<strong>URL:<\/strong> www.wss-osnabrueck.de<\/p>\n<p><strong>Angestellte Rechtsanw\u00e4lte:<\/strong><\/p>\n<p><strong> Hans-Adolf Welp, Olga Asselborn-Ebert<br \/>\n<\/strong><br \/>\nDie Rechtsanw\u00e4lte sind Mitglieder der<\/p>\n<p><strong>Rechtsanwaltskammer Oldenburg<\/strong><br \/>\nStaugraben 5<br \/>\n26122 Oldenburg<br \/>\nTelefon +49(0441)92 5430<br \/>\nTelefax +49(0441)9254329<br \/>\nE-Mail: info@rak-oldenburg.de<br \/>\nHomepage:http:\/\/www.rak-oldenburg.de,<\/p>\n<p>Die Rechtsanw\u00e4lte unterliegen bei ihrer beruflichen T\u00e4tigkeit den Vorschriften der BRAO, der BORA, der FAO, den CCBE-Berufsregeln und dem RVG, welche Sie unter <a href=\"http:\/\/www.brak.de\/fuer-anwaelte\/berufsrecht\/\">http:\/\/www.brak.de\/fuer-anwaelte\/berufsrecht\/<\/a>einsehen k\u00f6nnen.<\/p>\n<\/div><\/section><\/div>\n<div class=\"flex_column av_one_third  flex_column_div av-zero-column-padding   \" style='border-radius:0px; '><section class=\"av_textblock_section \"  itemscope=\"itemscope\" itemtype=\"https:\/\/schema.org\/CreativeWork\" ><div class='avia_textblock  '   itemprop=\"text\" ><p>Die Notare,<\/p>\n<p><strong>Tobias Schimm\u00f6ller<\/strong> (Berufsbezeichnung: Notar, in der Bundesrepublik Deutschland verliehen) und<\/p>\n<p><strong>Anja Taphorn<\/strong> (Berufsbezeichnung: Notarin, in der Bundesrepublik Deutschland verliehen),<\/p>\n<p>sind dar\u00fcber hinaus Mitglied der<\/p>\n<p><strong>Notarkammer Oldenburg<\/strong><br \/>\nStaugraben 5<br \/>\n26122 Oldenburg<br \/>\nTelefon +49(0441)92 5430<br \/>\nTelefax +49(0441)9254329<br \/>\nE-Mail: info@notk-oldenburg.de<br \/>\nHomepage: http:\/\/www.notk-oldenburg.de.<\/p>\n<p>und unterstehen der<\/p>\n<p><b>Aufsichtsbeh\u00f6rde<\/b><br \/>\nDer Pr\u00e4sident des Landgerichts Osnabr\u00fcck<br \/>\nDer Pr\u00e4sident des Oberlandesgerichts Oldenburg<\/p>\n<p>Die Notare unterliegen zudem der BNotO, dem BeurKG, der DONot, dem GNotKG, der NotAktVV, welche Sie unter <a href=\"http:\/\/www.bnotk.de\/Notar\/Berufsrecht\/index.php\">http:\/\/www.bnotk.de\/Notar\/Berufsrecht\/index.php<\/a> einsehen k\u00f6nnen. Ferner gelten f\u00fcr sie die Richtlinien der Notarkammer Oldenburg f\u00fcr die Amtspflichten und sonstigen Pflichten der Mitglieder der Notarkammer.<\/p>\n<\/div><\/section><\/div>\n<div class=\"flex_column av_one_third  flex_column_div av-zero-column-padding   \" style='border-radius:0px; '><section class=\"av_textblock_section \"  itemscope=\"itemscope\" itemtype=\"https:\/\/schema.org\/CreativeWork\" ><div class='avia_textblock  '   itemprop=\"text\" ><p><strong>Streitschlichtungsverfahren:<\/strong><\/p>\n<p>Bei Streitigkeiten zwischen den Rechtsanw\u00e4lten und ihren Auftraggebern besteht auf Antrag die M\u00f6glichkeit der au\u00dfergerichtlichen Streitschlichtung bei der regionalen <a href=\"http:\/\/www.rak-oldenburg.de\" target=\"_blank\" rel=\"noopener\">Rechtsanwaltskammer<\/a> (gem\u00e4\u00df \u00a7 73 Abs. 2 Nr. 3 i. V. m. \u00a7 73 Abs. 5 BRAO) oder bei der Schlichtungsstelle der Rechtsanwaltschaft (\u00a7 191 f. BRAO) bei der Bundesrechtsanwaltskammer im Internet zu finden \u00fcber die <a href=\"http:\/\/www.brak.de\" target=\"_blank\" rel=\"noopener\">Homepage der Bundesrechtsanwaltskammer<\/a> , E\u2010Mail: schlichtungsstelle@s-d-r.org.<\/p>\n<p><strong>Verm\u00f6gensschadenhaftpflichtversicherung:<\/strong><\/p>\n<p>Notar Tobias Schimm\u00f6ller\u00a0 und Notarin Anja Taphorn, unterhalten jeweils eine Verm\u00f6gensschadenhaftpflichtversicherung bei der<\/p>\n<p>ERGO Versicherungs AG<br \/>\nERGO-Platz 1<br \/>\n40477 D\u00fcsseldorf<\/p>\n<p>Die Soziet\u00e4t von Rechtsanw\u00e4lten, bestehend aus Rechtsanwalt Matthias Strau\u00df, Rechtsanwalt Tobias Schimm\u00f6ller, Rechtsanw\u00e4ltin Anja Taphorn, Rechtsanwalt Volker Buddenberg und Rechtsanwalt Fabian Steffens unterh\u00e4lt eine Verm\u00f6gensschadenhaftpflichtversicherung bei der<\/p>\n<p>ERGO Versicherungs AG<br \/>\nERGO-Platz 1<br \/>\n40477 D\u00fcsseldorf<\/p>\n<\/div><\/section><\/div>\n","protected":false},"excerpt":{"rendered":"","protected":false},"author":2,"featured_media":0,"parent":0,"menu_order":0,"comment_status":"closed","ping_status":"closed","template":"","meta":{"footnotes":""},"class_list":["post-169","page","type-page","status-publish","hentry"],"_links":{"self":[{"href":"https:\/\/wss-osnabrueck.de\/index.php?rest_route=\/wp\/v2\/pages\/169","targetHints":{"allow":["GET"]}}],"collection":[{"href":"https:\/\/wss-osnabrueck.de\/index.php?rest_route=\/wp\/v2\/pages"}],"about":[{"href":"https:\/\/wss-osnabrueck.de\/index.php?rest_route=\/wp\/v2\/types\/page"}],"author":[{"embeddable":true,"href":"https:\/\/wss-osnabrueck.de\/index.php?rest_route=\/wp\/v2\/users\/2"}],"replies":[{"embeddable":true,"href":"https:\/\/wss-osnabrueck.de\/index.php?rest_route=%2Fwp%2Fv2%2Fcomments&post=169"}],"version-history":[{"count":23,"href":"https:\/\/wss-osnabrueck.de\/index.php?rest_route=\/wp\/v2\/pages\/169\/revisions"}],"predecessor-version":[{"id":1965,"href":"https:\/\/wss-osnabrueck.de\/index.php?rest_route=\/wp\/v2\/pages\/169\/revisions\/1965"}],"wp:attachment":[{"href":"https:\/\/wss-osnabrueck.de\/index.php?rest_route=%2Fwp%2Fv2%2Fmedia&parent=169"}],"curies":[{"name":"wp","href":"https:\/\/api.w.org\/{rel}","templated":true}]}}